{"id":1203,"date":"2020-09-29T14:41:23","date_gmt":"2020-09-29T14:41:23","guid":{"rendered":"https:\/\/leeuwardencityofliterature.bwhbeheer.nl\/?post_type=agenda&#038;p=1203"},"modified":"2020-09-29T14:58:52","modified_gmt":"2020-09-29T14:58:52","slug":"elmar-kuiper-en-geart-tigchelaar-de-utmolken-toer-2","status":"publish","type":"agenda","link":"https:\/\/leeuwardencityofliterature.nl\/fy\/agenda\/elmar-kuiper-en-geart-tigchelaar-de-utmolken-toer-2\/","title":{"rendered":"Elmar Kuiper en Geart Tigchelaar &#8211; De Utmolken Toer"},"content":{"rendered":"\n<p>Mei de Utmolken Toer steane Elmar Kuiper en Geart Tigchelaar alle wykeinen fan oktober op in oar plak yn Frysl\u00e2n. De oanlieding: de nije dichtbondels: <em>Wite M\u00fble, Swarte Molke<\/em> fan Kuiper en <em>Ommers <\/em>fan Tighelaar<em>.<\/em> De Utmolken Toer stiet garant foar in b\u00fbnte milkshake oan po\u00ebzy en muzyk.<\/p>\n\n\n\n<p>Kuiper en Tigchelaar hawwe fan harren sels al in unike smaak yn de Fryske literatuer, mar de optredens wurde ek noch mjukse mei gastdichters Gerrit de Vries en Syds Wiersma.<\/p>\n\n\n\n<h4 class=\"wp-block-heading\">Oer de dichters<\/h4>\n\n\n\n<p>Elmar Kuiper (1969) skriuwt po\u00ebzy, koarte ferhalen en toaniel. Yn 2004 is er debutearre mei <em>Hertbyt<\/em>. <em>Wite Molke, Swarte M\u00fble <\/em>is syn njoggende bondel. Syn po\u00ebzy waard nominearre foar ferskillende liter\u00eare prizen en oerset yn ferskate talen. Op 3 oktober kriget er de Rely Jorritsmapriis foar it ferhaal \u2018Ni Hao\u2019 en hy is ien fan \u2019e winners fan de troch Frysk liter\u00ear tydskrift <em>Ensafh <\/em>\u00fatskreaune wedstriid foar de Lange koartproazaj\u00fbn mei it tige koarte ferhaal \u2018Syn rassuvere knyn\u2019. Geart Tigchelaar (1987) hat foar syn earste bondel <em>leech hert yn nij jek <\/em>yn 2017 de D.A. Tammingapriis w\u00fbn en foar syn oersetting <em>Erik of it lyts ynsekteboek<\/em> fan Godfried Bomans yn 2016 de Obe Postmapriis. Yn <em>Ommers <\/em>steane proazagedichten, it isTigchelaar syn twadde bondel. Foarpublikaasjes d\u00earfan komme op it Instagram-akkount @om.mers.<\/p>\n\n\n\n<h4 class=\"wp-block-heading\">Kaarten<\/h4>\n\n\n\n<p>De tagong is fergees. Der moat al fanwegen koroana fan te foarren reservearre wurde. <a href=\"mailto:deutmolkentoer@gmail.com\" target=\"_blank\" rel=\"noreferrer noopener\">Dat kin per mail.<\/a><\/p>\n\n\n\n<p><em>Foto: Ydwine Scarse<\/em><\/p>\n","protected":false},"featured_media":1200,"parent":0,"menu_order":1536,"template":"","agenda_activity":[95,35],"agenda_language":[102],"class_list":["post-1203","agenda","type-agenda","status-publish","has-post-thumbnail","hentry","agenda_activity-foardracht","agenda_activity-optreden-fy","agenda_language-frysk"],"acf":[],"yoast_head":"<!-- This site is optimized with the Yoast SEO plugin v27.5 - https:\/\/yoast.com\/product\/yoast-seo-wordpress\/ -->\n<title>Elmar Kuiper en Geart Tigchelaar - De Utmolken Toer - Leeuwarden City of Literature<\/title>\n<meta name=\"robots\" content=\"index, follow, max-snippet:-1, max-image-preview:large, max-video-preview:-1\" \/>\n<link rel=\"canonical\" href=\"https:\/\/leeuwardencityofliterature.nl\/fy\/agenda\/elmar-kuiper-en-geart-tigchelaar-de-utmolken-toer-2\/\" \/>\n<meta property=\"og:locale\" content=\"nl_NL\" \/>\n<meta property=\"og:type\" content=\"article\" \/>\n<meta property=\"og:title\" content=\"Elmar Kuiper en Geart Tigchelaar - De Utmolken Toer - Leeuwarden City of Literature\" \/>\n<meta property=\"og:description\" content=\"Mei de Utmolken Toer steane Elmar Kuiper en Geart Tigchelaar alle wykeinen fan oktober op in oar plak yn Frysl\u00e2n. De oanlieding: de nije dichtbondels: Wite M\u00fble, Swarte Molke fan Kuiper en Ommers fan Tighelaar. De Utmolken Toer stiet garant foar in b\u00fbnte milkshake oan po\u00ebzy en muzyk. Kuiper en Tigchelaar hawwe fan harren sels [&hellip;]\" \/>\n<meta property=\"og:url\" content=\"https:\/\/leeuwardencityofliterature.nl\/fy\/agenda\/elmar-kuiper-en-geart-tigchelaar-de-utmolken-toer-2\/\" \/>\n<meta property=\"og:site_name\" content=\"Leeuwarden City of Literature\" \/>\n<meta property=\"article:modified_time\" content=\"2020-09-29T14:58:52+00:00\" \/>\n<meta property=\"og:image\" content=\"https:\/\/leeuwardencityofliterature.nl\/wp-content\/uploads\/2020\/09\/Kuiper-Tigchelaar-Ydwine-Scarse-1920x1196.jpg\" \/>\n\t<meta property=\"og:image:width\" content=\"1920\" \/>\n\t<meta property=\"og:image:height\" content=\"1196\" \/>\n\t<meta property=\"og:image:type\" content=\"image\/jpeg\" \/>\n<meta name=\"twitter:card\" content=\"summary_large_image\" \/>\n<meta name=\"twitter:label1\" content=\"Est. reading time\" \/>\n\t<meta name=\"twitter:data1\" content=\"1 minute\" \/>\n<script type=\"application\/ld+json\" class=\"yoast-schema-graph\">{\"@context\":\"https:\\\/\\\/schema.org\",\"@graph\":[{\"@type\":\"WebPage\",\"@id\":\"https:\\\/\\\/leeuwardencityofliterature.nl\\\/fy\\\/agenda\\\/elmar-kuiper-en-geart-tigchelaar-de-utmolken-toer-2\\\/\",\"url\":\"https:\\\/\\\/leeuwardencityofliterature.nl\\\/fy\\\/agenda\\\/elmar-kuiper-en-geart-tigchelaar-de-utmolken-toer-2\\\/\",\"name\":\"Elmar Kuiper en Geart Tigchelaar - De Utmolken Toer - Leeuwarden City of Literature\",\"isPartOf\":{\"@id\":\"https:\\\/\\\/leeuwardencityofliterature.nl\\\/fy\\\/#website\"},\"primaryImageOfPage\":{\"@id\":\"https:\\\/\\\/leeuwardencityofliterature.nl\\\/fy\\\/agenda\\\/elmar-kuiper-en-geart-tigchelaar-de-utmolken-toer-2\\\/#primaryimage\"},\"image\":{\"@id\":\"https:\\\/\\\/leeuwardencityofliterature.nl\\\/fy\\\/agenda\\\/elmar-kuiper-en-geart-tigchelaar-de-utmolken-toer-2\\\/#primaryimage\"},\"thumbnailUrl\":\"https:\\\/\\\/leeuwardencityofliterature.nl\\\/wp-content\\\/uploads\\\/2020\\\/09\\\/Kuiper-Tigchelaar-Ydwine-Scarse.jpg\",\"datePublished\":\"2020-09-29T14:41:23+00:00\",\"dateModified\":\"2020-09-29T14:58:52+00:00\",\"breadcrumb\":{\"@id\":\"https:\\\/\\\/leeuwardencityofliterature.nl\\\/fy\\\/agenda\\\/elmar-kuiper-en-geart-tigchelaar-de-utmolken-toer-2\\\/#breadcrumb\"},\"inLanguage\":\"nl-FY\",\"potentialAction\":[{\"@type\":\"ReadAction\",\"target\":[\"https:\\\/\\\/leeuwardencityofliterature.nl\\\/fy\\\/agenda\\\/elmar-kuiper-en-geart-tigchelaar-de-utmolken-toer-2\\\/\"]}]},{\"@type\":\"ImageObject\",\"inLanguage\":\"nl-FY\",\"@id\":\"https:\\\/\\\/leeuwardencityofliterature.nl\\\/fy\\\/agenda\\\/elmar-kuiper-en-geart-tigchelaar-de-utmolken-toer-2\\\/#primaryimage\",\"url\":\"https:\\\/\\\/leeuwardencityofliterature.nl\\\/wp-content\\\/uploads\\\/2020\\\/09\\\/Kuiper-Tigchelaar-Ydwine-Scarse.jpg\",\"contentUrl\":\"https:\\\/\\\/leeuwardencityofliterature.nl\\\/wp-content\\\/uploads\\\/2020\\\/09\\\/Kuiper-Tigchelaar-Ydwine-Scarse.jpg\",\"width\":2560,\"height\":1595},{\"@type\":\"BreadcrumbList\",\"@id\":\"https:\\\/\\\/leeuwardencityofliterature.nl\\\/fy\\\/agenda\\\/elmar-kuiper-en-geart-tigchelaar-de-utmolken-toer-2\\\/#breadcrumb\",\"itemListElement\":[{\"@type\":\"ListItem\",\"position\":1,\"name\":\"Home\",\"item\":\"https:\\\/\\\/leeuwardencityofliterature.nl\\\/fy\\\/\"},{\"@type\":\"ListItem\",\"position\":2,\"name\":\"Elmar Kuiper en Geart Tigchelaar &#8211; De Utmolken Toer\"}]},{\"@type\":\"WebSite\",\"@id\":\"https:\\\/\\\/leeuwardencityofliterature.nl\\\/fy\\\/#website\",\"url\":\"https:\\\/\\\/leeuwardencityofliterature.nl\\\/fy\\\/\",\"name\":\"Leeuwarden City of Literature\",\"description\":\"\",\"potentialAction\":[{\"@type\":\"SearchAction\",\"target\":{\"@type\":\"EntryPoint\",\"urlTemplate\":\"https:\\\/\\\/leeuwardencityofliterature.nl\\\/fy\\\/?s={search_term_string}\"},\"query-input\":{\"@type\":\"PropertyValueSpecification\",\"valueRequired\":true,\"valueName\":\"search_term_string\"}}],\"inLanguage\":\"nl-FY\"}]}<\/script>\n<!-- \/ Yoast SEO plugin. -->","yoast_head_json":{"title":"Elmar Kuiper en Geart Tigchelaar - De Utmolken Toer - Leeuwarden City of Literature","robots":{"index":"index","follow":"follow","max-snippet":"max-snippet:-1","max-image-preview":"max-image-preview:large","max-video-preview":"max-video-preview:-1"},"canonical":"https:\/\/leeuwardencityofliterature.nl\/fy\/agenda\/elmar-kuiper-en-geart-tigchelaar-de-utmolken-toer-2\/","og_locale":"nl_NL","og_type":"article","og_title":"Elmar Kuiper en Geart Tigchelaar - De Utmolken Toer - Leeuwarden City of Literature","og_description":"Mei de Utmolken Toer steane Elmar Kuiper en Geart Tigchelaar alle wykeinen fan oktober op in oar plak yn Frysl\u00e2n. De oanlieding: de nije dichtbondels: Wite M\u00fble, Swarte Molke fan Kuiper en Ommers fan Tighelaar. De Utmolken Toer stiet garant foar in b\u00fbnte milkshake oan po\u00ebzy en muzyk. Kuiper en Tigchelaar hawwe fan harren sels [&hellip;]","og_url":"https:\/\/leeuwardencityofliterature.nl\/fy\/agenda\/elmar-kuiper-en-geart-tigchelaar-de-utmolken-toer-2\/","og_site_name":"Leeuwarden City of Literature","article_modified_time":"2020-09-29T14:58:52+00:00","og_image":[{"width":1920,"height":1196,"url":"https:\/\/leeuwardencityofliterature.nl\/wp-content\/uploads\/2020\/09\/Kuiper-Tigchelaar-Ydwine-Scarse-1920x1196.jpg","type":"image\/jpeg"}],"twitter_card":"summary_large_image","twitter_misc":{"Est. reading time":"1 minute"},"schema":{"@context":"https:\/\/schema.org","@graph":[{"@type":"WebPage","@id":"https:\/\/leeuwardencityofliterature.nl\/fy\/agenda\/elmar-kuiper-en-geart-tigchelaar-de-utmolken-toer-2\/","url":"https:\/\/leeuwardencityofliterature.nl\/fy\/agenda\/elmar-kuiper-en-geart-tigchelaar-de-utmolken-toer-2\/","name":"Elmar Kuiper en Geart Tigchelaar - De Utmolken Toer - Leeuwarden City of Literature","isPartOf":{"@id":"https:\/\/leeuwardencityofliterature.nl\/fy\/#website"},"primaryImageOfPage":{"@id":"https:\/\/leeuwardencityofliterature.nl\/fy\/agenda\/elmar-kuiper-en-geart-tigchelaar-de-utmolken-toer-2\/#primaryimage"},"image":{"@id":"https:\/\/leeuwardencityofliterature.nl\/fy\/agenda\/elmar-kuiper-en-geart-tigchelaar-de-utmolken-toer-2\/#primaryimage"},"thumbnailUrl":"https:\/\/leeuwardencityofliterature.nl\/wp-content\/uploads\/2020\/09\/Kuiper-Tigchelaar-Ydwine-Scarse.jpg","datePublished":"2020-09-29T14:41:23+00:00","dateModified":"2020-09-29T14:58:52+00:00","breadcrumb":{"@id":"https:\/\/leeuwardencityofliterature.nl\/fy\/agenda\/elmar-kuiper-en-geart-tigchelaar-de-utmolken-toer-2\/#breadcrumb"},"inLanguage":"nl-FY","potentialAction":[{"@type":"ReadAction","target":["https:\/\/leeuwardencityofliterature.nl\/fy\/agenda\/elmar-kuiper-en-geart-tigchelaar-de-utmolken-toer-2\/"]}]},{"@type":"ImageObject","inLanguage":"nl-FY","@id":"https:\/\/leeuwardencityofliterature.nl\/fy\/agenda\/elmar-kuiper-en-geart-tigchelaar-de-utmolken-toer-2\/#primaryimage","url":"https:\/\/leeuwardencityofliterature.nl\/wp-content\/uploads\/2020\/09\/Kuiper-Tigchelaar-Ydwine-Scarse.jpg","contentUrl":"https:\/\/leeuwardencityofliterature.nl\/wp-content\/uploads\/2020\/09\/Kuiper-Tigchelaar-Ydwine-Scarse.jpg","width":2560,"height":1595},{"@type":"BreadcrumbList","@id":"https:\/\/leeuwardencityofliterature.nl\/fy\/agenda\/elmar-kuiper-en-geart-tigchelaar-de-utmolken-toer-2\/#breadcrumb","itemListElement":[{"@type":"ListItem","position":1,"name":"Home","item":"https:\/\/leeuwardencityofliterature.nl\/fy\/"},{"@type":"ListItem","position":2,"name":"Elmar Kuiper en Geart Tigchelaar &#8211; De Utmolken Toer"}]},{"@type":"WebSite","@id":"https:\/\/leeuwardencityofliterature.nl\/fy\/#website","url":"https:\/\/leeuwardencityofliterature.nl\/fy\/","name":"Leeuwarden City of Literature","description":"","potentialAction":[{"@type":"SearchAction","target":{"@type":"EntryPoint","urlTemplate":"https:\/\/leeuwardencityofliterature.nl\/fy\/?s={search_term_string}"},"query-input":{"@type":"PropertyValueSpecification","valueRequired":true,"valueName":"search_term_string"}}],"inLanguage":"nl-FY"}]}},"_links":{"self":[{"href":"https:\/\/leeuwardencityofliterature.nl\/fy\/wp-json\/wp\/v2\/agenda\/1203","targetHints":{"allow":["GET"]}}],"collection":[{"href":"https:\/\/leeuwardencityofliterature.nl\/fy\/wp-json\/wp\/v2\/agenda"}],"about":[{"href":"https:\/\/leeuwardencityofliterature.nl\/fy\/wp-json\/wp\/v2\/types\/agenda"}],"version-history":[{"count":0,"href":"https:\/\/leeuwardencityofliterature.nl\/fy\/wp-json\/wp\/v2\/agenda\/1203\/revisions"}],"wp:featuredmedia":[{"embeddable":true,"href":"https:\/\/leeuwardencityofliterature.nl\/fy\/wp-json\/wp\/v2\/media\/1200"}],"wp:attachment":[{"href":"https:\/\/leeuwardencityofliterature.nl\/fy\/wp-json\/wp\/v2\/media?parent=1203"}],"wp:term":[{"taxonomy":"agenda_activity","embeddable":true,"href":"https:\/\/leeuwardencityofliterature.nl\/fy\/wp-json\/wp\/v2\/agenda_activity?post=1203"},{"taxonomy":"agenda_language","embeddable":true,"href":"https:\/\/leeuwardencityofliterature.nl\/fy\/wp-json\/wp\/v2\/agenda_language?post=1203"}],"curies":[{"name":"wp","href":"https:\/\/api.w.org\/{rel}","templated":true}]}}